{"id":371,"date":"2015-09-19T20:01:51","date_gmt":"2015-09-19T18:01:51","guid":{"rendered":"http:\/\/osfm-sport.splet.arnes.si\/?page_id=371"},"modified":"2016-06-09T14:43:18","modified_gmt":"2016-06-09T12:43:18","slug":"2015-2016-2","status":"publish","type":"page","link":"https:\/\/sport.fmalgaja.si\/?page_id=371","title":{"rendered":"Uspehi \u0161ol. leto 2015 &#8211; 2016"},"content":{"rendered":"<p><span style=\"text-decoration: underline;color: #0000ff\"><strong>Dr\u017eavno prvenstvo v judu &#8211; Koper, 8. 6. 2016<\/strong><\/span><\/p>\n<ul>\n<li>5. mesto: Pia Pavleti\u010d (do 52kg)<\/li>\n<\/ul>\n<p>&nbsp;<\/p>\n<p><span style=\"text-decoration: underline;color: #0000ff\"><strong>Ob\u010dinsko prvenstvo v\u00a0 odbojki na mivki de\u010dki &#8211; Dramlje, 6. 6. 2016<\/strong><\/span><\/p>\n<ul>\n<li>1. mesto<\/li>\n<\/ul>\n<p><a href=\"http:\/\/osfm-sport.splet.arnes.si\/files\/2016\/06\/20160606_103453.jpg\"><img loading=\"lazy\" decoding=\"async\" class=\"aligncenter size-medium wp-image-686\" src=\"http:\/\/osfm-sport.splet.arnes.si\/files\/2016\/06\/20160606_103453-300x180.jpg\" alt=\"20160606_103453\" width=\"300\" height=\"180\" srcset=\"https:\/\/sport.fmalgaja.si\/files\/2016\/06\/20160606_103453-300x180.jpg 300w, https:\/\/sport.fmalgaja.si\/files\/2016\/06\/20160606_103453-1024x614.jpg 1024w, https:\/\/sport.fmalgaja.si\/files\/2016\/06\/20160606_103453-1080x648.jpg 1080w\" sizes=\"(max-width: 300px) 100vw, 300px\" \/><\/a><\/p>\n<p><span style=\"text-decoration: underline;color: #0000ff\"><strong>Finale podro\u010dnega prvenstva v ATLETIKI za MALI in VELIKI ATLETSKI POKAL &#8211; Celje, 30. 5. 2016<br \/>\n<\/strong><\/span><\/p>\n<ul>\n<li>3. mesto:\n<ul>\n<li>\u0160pela Ip\u0161ek &#8211; daljina MAP<\/li>\n<\/ul>\n<\/li>\n<li>5. mesto:\n<ul>\n<li>Nik Golej &#8211; 60m VAP<\/li>\n<li>Neja Ravnikar Zabukov\u0161ek &#8211; 300m VAP<\/li>\n<\/ul>\n<\/li>\n<\/ul>\n<p>&nbsp;<\/p>\n<p><span style=\"text-decoration: underline;color: #0000ff\"><strong>Ob\u010dinsko prvenstvo v ATLETSKEM TROBOJU za O\u0160 (5. raz in ml.) &#8211; \u0160entjur, 26. 5. 2016<br \/>\n<\/strong><\/span><\/p>\n<ul>\n<li>2. mesto:\n<ul>\n<li>EKIPNO de\u010dki<\/li>\n<\/ul>\n<\/li>\n<li>3. mesto:\n<ul>\n<li>Sara Trebovc<\/li>\n<li>Nejc Naprudnik<\/li>\n<li>EKIPNO deklice<\/li>\n<\/ul>\n<\/li>\n<\/ul>\n<p>&nbsp;<\/p>\n<p><span style=\"text-decoration: underline;color: #0000ff\"><strong>Ob\u010dinsko prvenstvo v ATLETIKI za MALI in VELIKI ATLETSKI POKAL &#8211; \u0160entjur, 6. 5. 2016<br \/>\n<\/strong><\/span><\/p>\n<ul>\n<li>1. mesto:\n<ul>\n<li>Mavrin Maja &#8211; vortex VAP<\/li>\n<li>Golej Nik &#8211; 60m VAP<\/li>\n<li>Pavli\u010d Bla\u017e &#8211; 300m VAP<\/li>\n<li>4 x 100m &#8211; Gra\u010dner Domen, Jelen Nejc, Brilej Rok, Golej Nik<\/li>\n<li>Hauc Nini &#8211; 300m MAP<\/li>\n<\/ul>\n<\/li>\n<li>2. mesto:\n<ul>\n<li>Ravnikar Zabukov\u0161ek Neja &#8211; 300m VAP<\/li>\n<li>Artnak Ana &#8211; 1000m VAP<\/li>\n<li>Vehovar Sara &#8211; daljina VAP<\/li>\n<li>4x100m &#8211; \u0160pela Ip\u0161ek, Katarina Zupanc, Tamara Podgor\u0161ek Toma\u017ein, Neja Ravnikar Zabukov\u0161ek<\/li>\n<li>Jelen Nejc &#8211; vi\u0161ina VAP<\/li>\n<li>Dren \u017diva &#8211; 60m MAP<\/li>\n<li>Artnak Ne\u017ea &#8211; 600m MAP<\/li>\n<li>Ko\u017eelj Aleksander &#8211; 300m MAP<\/li>\n<li>Jakon\u010di\u010d Ian &#8211; vortex MAP<\/li>\n<\/ul>\n<\/li>\n<li>3. mesto\n<ul>\n<li>Zupanc Katarina &#8211; 60m VAP<\/li>\n<li>Mavrin Eva &#8211; 300m VAP<\/li>\n<li>Svetina Ur\u0161a &#8211; 1000m VAP<\/li>\n<li>Gradi\u0161nik Eva &#8211; vortex VAP<\/li>\n<li>Gra\u010dner Domen &#8211; 300m VAP<\/li>\n<li>Hiti Alja\u017e &#8211; vortex VAP<\/li>\n<li>Rov\u0161nik Tja\u0161a &#8211; 600m MAP<\/li>\n<li>Ip\u0161ek \u0160pela &#8211; daljina MAP<\/li>\n<li>Bender Anej &#8211; 60m MAP<\/li>\n<li>Pavli\u010d Jan &#8211; 600m MAP<\/li>\n<li>Gajani\u0107 Alex &#8211; daljina MAP<\/li>\n<li>Mo\u010dnik Alja\u017e &#8211; vi\u0161ina MAP<\/li>\n<\/ul>\n<\/li>\n<\/ul>\n<div id=\"attachment_634\" style=\"width: 203px\" class=\"wp-caption aligncenter\"><a href=\"http:\/\/osfm-sport.splet.arnes.si\/files\/2015\/09\/obrezana.jpg\"><img loading=\"lazy\" decoding=\"async\" aria-describedby=\"caption-attachment-634\" class=\"size-full wp-image-634\" src=\"http:\/\/osfm-sport.splet.arnes.si\/files\/2015\/09\/obrezana.jpg\" alt=\"\u0161tafeta 4x100m - PRVAKI\" width=\"193\" height=\"158\" \/><\/a><p id=\"caption-attachment-634\" class=\"wp-caption-text\">\u0161tafeta 4x100m &#8211; PRVAKI<\/p><\/div>\n<p>&nbsp;<\/p>\n<p><span style=\"text-decoration: underline;color: #0000ff\"><strong>Dr\u017eavno prvenstvo v krosu &#8211; Maribor, 21. 4. 2016<\/strong><\/span><\/p>\n<ul>\n<li>11. mesto: Neja Ravnikar Zabukov\u0161ek (9. raz)<\/li>\n<li>12. mesto: Jan Pavli\u010d (6. raz)<\/li>\n<li>19. mesto: Tilen Mulej (5. raz)<\/li>\n<li>2. mesto: Nej Dobovi\u0161ek (2. razred promocijski tek)<\/li>\n<li>2. mesto : \u017diva Ferle\u017e (3. razred promocijski tek)<\/li>\n<li>3. mesto: Martin Artnak (3. razred promocijski tek)<\/li>\n<li>9. mesto: ekipno 6. razred (Zalokar Tajda-28. mesto, Rov\u0161nik Tja\u0161a-34., Pavli\u010d Jan-11., Ko\u017eelj Aleksander-63.)<\/li>\n<li>11. mesto: ekipno 7. razred (Ne\u017ea Artnak-27., Alja Gaj\u0161ek-60., David Vehovar-44., Miha Naprudnik-70.)<\/li>\n<\/ul>\n<p>&nbsp;<\/p>\n<p><span style=\"text-decoration: underline;color: #0000ff\"><strong>Ob\u010dinsko prvenstvo v krosu (spomladansko) &#8211; Gorica pri Slivnici, 12. 4. 2016<br \/>\n<\/strong><\/span><\/p>\n<ul>\n<li>1. mesto:\n<ul>\n<li>Tajda Zalokar, 6. raz<\/li>\n<li>Bla\u017e Pavli\u010d 8. raz<\/li>\n<li>Maja Polak 9. raz<\/li>\n<li>EKIPNO DEKLICE<\/li>\n<\/ul>\n<\/li>\n<li>2. mesto:\n<ul>\n<li>Andra\u017e Voga 5. raz<\/li>\n<li>Karlo Vodu\u0161ek 8. raz<\/li>\n<li>Neja Ravnikar Zabukov\u0161ek 9. raz<\/li>\n<\/ul>\n<\/li>\n<li>3. mesto\n<ul>\n<li>Ne\u017ea Artnak 7. raz<\/li>\n<li>Jan Pavli\u010d, 6. raz<\/li>\n<li>Miha Naprudnik, 7. raz<\/li>\n<\/ul>\n<\/li>\n<\/ul>\n<p><a href=\"http:\/\/osfm-sport.splet.arnes.si\/files\/2015\/09\/20160412_141206.jpg\"><img loading=\"lazy\" decoding=\"async\" class=\"aligncenter size-medium wp-image-604\" src=\"http:\/\/osfm-sport.splet.arnes.si\/files\/2015\/09\/20160412_141206-300x180.jpg\" alt=\"20160412_141206\" width=\"300\" height=\"180\" srcset=\"https:\/\/sport.fmalgaja.si\/files\/2015\/09\/20160412_141206-300x180.jpg 300w, https:\/\/sport.fmalgaja.si\/files\/2015\/09\/20160412_141206-1024x614.jpg 1024w, https:\/\/sport.fmalgaja.si\/files\/2015\/09\/20160412_141206-1080x648.jpg 1080w\" sizes=\"(max-width: 300px) 100vw, 300px\" \/><\/a><\/p>\n<p>&nbsp;<\/p>\n<p><span style=\"text-decoration: underline;color: #0000ff\"><strong>Dr\u017eavno prvenstvo Slovenije v \u0161portnem plezanju &#8211; Vojnik, 9. 4. 2016<\/strong><\/span><\/p>\n<ul>\n<li>4. mesto Nik Golej<\/li>\n<li>9. mesto Lan Mastnak<\/li>\n<\/ul>\n<p>&nbsp;<\/p>\n<p><span style=\"text-decoration: underline;color: #0000ff\"><strong>Ob\u010dinsko prvenstvo v mali odbojki ml. deklice &#8211; Hru\u0161evec, 9. 4. 2016<\/strong><\/span><\/p>\n<ul>\n<li>3. mesto<\/li>\n<\/ul>\n<p>&nbsp;<\/p>\n<p><span style=\"text-decoration: underline;color: #0000ff\"><strong>Ob\u010dinsko prvenstvo v mali odbojki ml. de\u010dki &#8211; Ponikva, 4. 4. 2016<\/strong><\/span><\/p>\n<ul>\n<li>1. mesto<\/li>\n<\/ul>\n<p><a href=\"http:\/\/osfm-sport.splet.arnes.si\/files\/2016\/04\/20160404_143557.jpg\"><img loading=\"lazy\" decoding=\"async\" class=\"aligncenter size-medium wp-image-585\" src=\"http:\/\/osfm-sport.splet.arnes.si\/files\/2016\/04\/20160404_143557-300x180.jpg\" alt=\"20160404_143557\" width=\"300\" height=\"180\" srcset=\"https:\/\/sport.fmalgaja.si\/files\/2016\/04\/20160404_143557-300x180.jpg 300w, https:\/\/sport.fmalgaja.si\/files\/2016\/04\/20160404_143557-1024x614.jpg 1024w, https:\/\/sport.fmalgaja.si\/files\/2016\/04\/20160404_143557-1080x648.jpg 1080w\" sizes=\"(max-width: 300px) 100vw, 300px\" \/><\/a><\/p>\n<p>&nbsp;<\/p>\n<p><span style=\"text-decoration: underline;color: #0000ff\"><strong>Ob\u010dinsko prvenstvo v nogometu ml. de\u010dki &#8211; Planina, 10. 3. 2016<\/strong><\/span><\/p>\n<ul>\n<li>1. mesto<\/li>\n<\/ul>\n<h3 style=\"text-align: center\"><a href=\"http:\/\/osfm-sport.splet.arnes.si\/files\/2016\/03\/20160310_145126.jpg\"><img loading=\"lazy\" decoding=\"async\" class=\"aligncenter  wp-image-575\" src=\"http:\/\/osfm-sport.splet.arnes.si\/files\/2016\/03\/20160310_145126-300x180.jpg\" alt=\"20160310_145126\" width=\"320\" height=\"192\" srcset=\"https:\/\/sport.fmalgaja.si\/files\/2016\/03\/20160310_145126-300x180.jpg 300w, https:\/\/sport.fmalgaja.si\/files\/2016\/03\/20160310_145126-1024x614.jpg 1024w, https:\/\/sport.fmalgaja.si\/files\/2016\/03\/20160310_145126-1080x648.jpg 1080w\" sizes=\"(max-width: 320px) 100vw, 320px\" \/><\/a><\/h3>\n<p><span style=\"text-decoration: underline;color: #0000ff\"><strong>Ob\u010dinsko prvenstvo v ko\u0161arki ml. de\u010dki &#8211; Hru\u0161evec, 25. 1. 2016<\/strong><\/span><\/p>\n<ul>\n<li>1. mesto<\/li>\n<\/ul>\n<p><a href=\"http:\/\/osfm-sport.splet.arnes.si\/files\/2015\/09\/20160125_144050.jpg\"><img loading=\"lazy\" decoding=\"async\" class=\"aligncenter size-medium wp-image-523\" src=\"http:\/\/osfm-sport.splet.arnes.si\/files\/2015\/09\/20160125_144050-300x180.jpg\" alt=\"20160125_144050\" width=\"300\" height=\"180\" srcset=\"https:\/\/sport.fmalgaja.si\/files\/2015\/09\/20160125_144050-300x180.jpg 300w, https:\/\/sport.fmalgaja.si\/files\/2015\/09\/20160125_144050-1024x614.jpg 1024w, https:\/\/sport.fmalgaja.si\/files\/2015\/09\/20160125_144050-1080x648.jpg 1080w\" sizes=\"(max-width: 300px) 100vw, 300px\" \/><\/a><\/p>\n<p>&nbsp;<\/p>\n<p><span style=\"text-decoration: underline;color: #0000ff\"><strong>Ob\u010dinsko prvenstvo v odbojki st. de\u010dki &#8211; Planina, 14. 12. 2015<\/strong><\/span><\/p>\n<ul>\n<li>1. mesto<\/li>\n<\/ul>\n<p><span style=\"text-decoration: underline;color: #0000ff\"><strong>Ob\u010dinsko prvenstvo v odbojki st. deklice &#8211; Hru\u0161evec, 4. 12. 2015<\/strong><\/span><\/p>\n<ul>\n<li>1. mesto<\/li>\n<\/ul>\n<p><span style=\"text-decoration: underline;color: #0000ff\"><strong>Ob\u010dinsko prvenstvo v rokometu st. de\u010dki &#8211; Planina, 10. 11. 2015<\/strong><\/span><\/p>\n<ul>\n<li>1. mesto<\/li>\n<\/ul>\n<p><span style=\"text-decoration: underline;color: #0000ff\"><strong>Dr\u017eavno prvenstvo v uli\u010dnem teku (Ljubljanski maraton) &#8211; Ljubljana, 24. 10. 2015<\/strong><\/span><\/p>\n<ul>\n<li>4. mesto Maja Polak 9. razred deklice<\/li>\n<li>14. mesto Neja Ravnikar Zabukov\u0161ek 9. raz deklice<\/li>\n<li>16. mesto Ne\u017ea Artnak 7. raz deklice<\/li>\n<li>18. mesto Sara Godler 8. raz deklice<\/li>\n<\/ul>\n<p><span style=\"text-decoration: underline;color: #0000ff\"><strong>Ob\u010dinsko prvenstvo v ko\u0161arki st. de\u010dki &#8211; Hru\u0161evec, 22. 10. 2015<\/strong><\/span><\/p>\n<ul>\n<li>2. mesto<\/li>\n<\/ul>\n<p><span style=\"text-decoration: underline;color: #0000ff\"><strong>Ob\u010dinsko prvenstvo v krosu (jesensko) &#8211; Gorica pri Slivnici, 29. 9. 2015<\/strong><\/span><\/p>\n<ul>\n<li>1. mesto:\n<ul>\n<li>Tilen Mulej 5. raz<\/li>\n<li>Tajda Zalokar, 6. raz<\/li>\n<li>Bla\u017e Pavli\u010d 8. raz<\/li>\n<li>Maja Polak 9. raz<\/li>\n<\/ul>\n<\/li>\n<li>2. mesto:\n<ul>\n<li>Jakob \u010colovi\u010d 5. raz<\/li>\n<li>Ne\u017ea Artnak 7. raz<\/li>\n<li>Eva Mavrin 8. raz<\/li>\n<li>Neja Ravnikar Zabukov\u0161ek 9. raz<\/li>\n<\/ul>\n<\/li>\n<li>3. mesto\n<ul>\n<li>\u0160pela Ip\u0161ek 6. raz<\/li>\n<li>Jan Pavli\u010d, 6. raz<\/li>\n<li>David Vehovar, 7. raz<\/li>\n<li>Sara Godler 8. raz<\/li>\n<li>Marcel Vodeb 9. raz<\/li>\n<\/ul>\n<\/li>\n<\/ul>\n<p>&nbsp;<\/p>\n<p><span style=\"text-decoration: underline;color: #0000ff\"><strong>Ob\u010dinsko prvenstvo v nogometu st. de\u010dki &#8211; Planina, 23. 9. 2015<\/strong><\/span><\/p>\n<ul>\n<li>1. mesto<\/li>\n<\/ul>\n<p>&nbsp;<\/p>\n<p><span style=\"text-decoration: underline;color: #0000ff\"><strong>Odprto prvenstvo O\u0160 v cestnem teku &#8211; \u017dalec, 19. 9. 2015<\/strong><\/span><\/p>\n<ul>\n<li>1. mesto Martin Artnak\u00a0 3. razred de\u010dki<\/li>\n<li>5. mesto Ne\u017ea Artnak\u00a0 7. razred deklice<\/li>\n<li>2. mesto\u00a0 Sara Godler\u00a0 8. razred deklice<\/li>\n<li>4. mesto Ana Artnak 9. razred deklice<\/li>\n<\/ul>\n<div id=\"attachment_378\" style=\"width: 310px\" class=\"wp-caption aligncenter\"><a href=\"http:\/\/osfm-sport.splet.arnes.si\/files\/2015\/09\/P9190019.jpg\"><img loading=\"lazy\" decoding=\"async\" aria-describedby=\"caption-attachment-378\" class=\"wp-image-378 size-medium\" src=\"http:\/\/osfm-sport.splet.arnes.si\/files\/2015\/09\/P9190019-e1442730211451-300x225.jpg\" alt=\"OLYMPUS DIGITAL CAMERA\" width=\"300\" height=\"225\" srcset=\"https:\/\/sport.fmalgaja.si\/files\/2015\/09\/P9190019-e1442730211451-300x225.jpg 300w, https:\/\/sport.fmalgaja.si\/files\/2015\/09\/P9190019-e1442730211451-1024x768.jpg 1024w, https:\/\/sport.fmalgaja.si\/files\/2015\/09\/P9190019-e1442730211451-1080x810.jpg 1080w, https:\/\/sport.fmalgaja.si\/files\/2015\/09\/P9190019-e1442730211451.jpg 1635w\" sizes=\"(max-width: 300px) 100vw, 300px\" \/><\/a><p id=\"caption-attachment-378\" class=\"wp-caption-text\">Ana, Sara, Martin, Ne\u017ea<\/p><\/div>\n","protected":false},"excerpt":{"rendered":"<p>Dr\u017eavno prvenstvo v judu &#8211; Koper, 8. 6. 2016 5. mesto: Pia Pavleti\u010d (do 52kg) &nbsp; Ob\u010dinsko prvenstvo v\u00a0 odbojki na mivki de\u010dki &#8211; Dramlje, 6. 6. 2016 1. mesto Finale podro\u010dnega prvenstva v ATLETIKI za MALI in VELIKI ATLETSKI POKAL &#8211; Celje, 30. 5. 2016 3. mesto: \u0160pela Ip\u0161ek &#8211; daljina MAP 5. mesto: [&hellip;]<\/p>\n","protected":false},"author":5967,"featured_media":0,"parent":0,"menu_order":0,"comment_status":"closed","ping_status":"closed","template":"","meta":{"_et_pb_use_builder":"","_et_pb_old_content":"","_et_gb_content_width":"","ngg_post_thumbnail":0,"footnotes":"","_expiration-date-status":"","_expiration-date":0,"_expiration-date-type":"","_expiration-date-categories":[],"_expiration-date-options":[]},"class_list":["post-371","page","type-page","status-publish","hentry"],"_links":{"self":[{"href":"https:\/\/sport.fmalgaja.si\/index.php?rest_route=\/wp\/v2\/pages\/371","targetHints":{"allow":["GET"]}}],"collection":[{"href":"https:\/\/sport.fmalgaja.si\/index.php?rest_route=\/wp\/v2\/pages"}],"about":[{"href":"https:\/\/sport.fmalgaja.si\/index.php?rest_route=\/wp\/v2\/types\/page"}],"author":[{"embeddable":true,"href":"https:\/\/sport.fmalgaja.si\/index.php?rest_route=\/wp\/v2\/users\/5967"}],"replies":[{"embeddable":true,"href":"https:\/\/sport.fmalgaja.si\/index.php?rest_route=%2Fwp%2Fv2%2Fcomments&post=371"}],"version-history":[{"count":40,"href":"https:\/\/sport.fmalgaja.si\/index.php?rest_route=\/wp\/v2\/pages\/371\/revisions"}],"predecessor-version":[{"id":695,"href":"https:\/\/sport.fmalgaja.si\/index.php?rest_route=\/wp\/v2\/pages\/371\/revisions\/695"}],"wp:attachment":[{"href":"https:\/\/sport.fmalgaja.si\/index.php?rest_route=%2Fwp%2Fv2%2Fmedia&parent=371"}],"curies":[{"name":"wp","href":"https:\/\/api.w.org\/{rel}","templated":true}]}}